{"version":"1.0","provider_name":"Jacques Ouimette Communications","provider_url":"https:\/\/jacquesouimette.com\/fr","author_name":"Jacques Ouimette","author_url":"https:\/\/jacquesouimette.com\/fr\/author\/jouimette\/","title":"1996 - L'ann\u00e9e de la Gascogne (France) - Jacques Ouimette Communications","type":"rich","width":600,"height":338,"html":"<blockquote class=\"wp-embedded-content\" data-secret=\"5BsIzcf8ZQ\"><a href=\"https:\/\/jacquesouimette.com\/fr\/1996-lannee-de-la-gascogne\/\">1996 &#8211; L&rsquo;ann\u00e9e de la Gascogne (France)<\/a><\/blockquote><iframe sandbox=\"allow-scripts\" security=\"restricted\" src=\"https:\/\/jacquesouimette.com\/fr\/1996-lannee-de-la-gascogne\/embed\/#?secret=5BsIzcf8ZQ\" width=\"600\" height=\"338\" title=\"&laquo; 1996 &#8211; L&rsquo;ann\u00e9e de la Gascogne (France) &raquo; &#8212; Jacques Ouimette Communications\" data-secret=\"5BsIzcf8ZQ\" frameborder=\"0\" marginwidth=\"0\" marginheight=\"0\" scrolling=\"no\" class=\"wp-embedded-content\"><\/iframe><script type=\"text\/javascript\">\n\/* <![CDATA[ *\/\n\/*! This file is auto-generated *\/\n!function(d,l){\"use strict\";l.querySelector&&d.addEventListener&&\"undefined\"!=typeof URL&&(d.wp=d.wp||{},d.wp.receiveEmbedMessage||(d.wp.receiveEmbedMessage=function(e){var t=e.data;if((t||t.secret||t.message||t.value)&&!\/[^a-zA-Z0-9]\/.test(t.secret)){for(var s,r,n,a=l.querySelectorAll('iframe[data-secret=\"'+t.secret+'\"]'),o=l.querySelectorAll('blockquote[data-secret=\"'+t.secret+'\"]'),c=new RegExp(\"^https?:$\",\"i\"),i=0;i<o.length;i++)o[i].style.display=\"none\";for(i=0;i<a.length;i++)s=a[i],e.source===s.contentWindow&&(s.removeAttribute(\"style\"),\"height\"===t.message?(1e3<(r=parseInt(t.value,10))?r=1e3:~~r<200&&(r=200),s.height=r):\"link\"===t.message&&(r=new URL(s.getAttribute(\"src\")),n=new URL(t.value),c.test(n.protocol))&&n.host===r.host&&l.activeElement===s&&(d.top.location.href=t.value))}},d.addEventListener(\"message\",d.wp.receiveEmbedMessage,!1),l.addEventListener(\"DOMContentLoaded\",function(){for(var e,t,s=l.querySelectorAll(\"iframe.wp-embedded-content\"),r=0;r<s.length;r++)(t=(e=s[r]).getAttribute(\"data-secret\"))||(t=Math.random().toString(36).substring(2,12),e.src+=\"#?secret=\"+t,e.setAttribute(\"data-secret\",t)),e.contentWindow.postMessage({message:\"ready\",secret:t},\"*\")},!1)))}(window,document);\n\/\/# sourceURL=https:\/\/jacquesouimette.com\/wp-includes\/js\/wp-embed.min.js\n\/* ]]> *\/\n<\/script>\n","description":"Laur\u00e9at national or, cat\u00e9gorie \u00ab \u00c9v\u00e9nement touristique \u00bb Grands Prix du tourisme qu\u00e9b\u00e9cois. Sacr\u00e9 \u00e9v\u00e9nement par excellence pour l\u2019impact et l\u2019originalit\u00e9 du Festival international du canard et ce, d\u00e8s sa premi\u00e8re \u00e9dition en 1996. La publicit\u00e9 t\u00e9l\u00e9 https:\/\/vimeo.com\/554836905 Quelques images de l\u2019ann\u00e9e 1996 \u00e0 Knowlton https:\/\/vimeo.com\/554936242 Reportage Pulse News https:\/\/vimeo.com\/566131185 1997 1998 1999 \u00c9v\u00e9nements","thumbnail_url":"https:\/\/jacquesouimette.com\/wp-content\/uploads\/2020\/07\/Jacques-Ouimette-Prix-8064-300x230.jpg"}